{"id":7429,"date":"2026-06-24T18:24:06","date_gmt":"2026-06-24T16:24:06","guid":{"rendered":"https:\/\/cefoindigena.org\/?post_type=asociacion&#038;p=7429"},"modified":"2026-07-22T16:40:44","modified_gmt":"2026-07-22T14:40:44","slug":"mujeres-de-la-asociacion-kwakiyo","status":"publish","type":"asociacion","link":"https:\/\/cefoindigena.org\/en\/asociacion\/mujeres-de-la-asociacion-kwakiyo\/","title":{"rendered":"Women of the Kwakiyo Association"},"content":{"rendered":"","protected":false},"featured_media":7633,"template":"","meta":{"_acf_changed":false,"_eb_attr":""},"class_list":["post-7429","asociacion","type-asociacion","status-publish","has-post-thumbnail","hentry"],"acf":{"descripcion":"En la comunidad de Wajoya, a orillas del r\u00edo Napo, en Per\u00fa, nace la Asociaci\u00f3n de Mujeres Kwakiyo, conformada por 29 mujeres ind\u00edgenas de la Nacionalidad Siekopaai del Per\u00fa.\r\n\r\nKwakiyo toma su nombre de un ave de color gris que habita en la selva  y simboliza el cuidado colectivo, la protecci\u00f3n de la vida y la relaci\u00f3n profunda con la naturaleza. Inspiradas en esta historia, las mujeres de la asociaci\u00f3n trabajan con la arcilla y la artesan\u00eda, manteniendo vivos los saberes ancestrales, la memoria de sus abuelas y el v\u00ednculo con el territorio.\r\n\r\nA trav\u00e9s de iniciativas como la cer\u00e1mica tradicional, la asociaci\u00f3n impulsa alternativas de bioeconom\u00eda local que fortalecen a las familias y contribuyen a la protecci\u00f3n del bosque amaz\u00f3nico. Por eso, Kwakiyo simboliza la vida en comunidad, el cuidado de la familia y la armon\u00eda con la selva.","descripcion_source":{"label":"Descripci\u00f3n","type":"textarea","formatted_value":"<p>En la comunidad de Wajoya, a orillas del r\u00edo Napo, en Per\u00fa, nace la Asociaci\u00f3n de Mujeres Kwakiyo, conformada por 29 mujeres ind\u00edgenas de la Nacionalidad Siekopaai del Per\u00fa.<\/p>\n<p>Kwakiyo toma su nombre de un ave de color gris que habita en la selva  y simboliza el cuidado colectivo, la protecci\u00f3n de la vida y la relaci\u00f3n profunda con la naturaleza. Inspiradas en esta historia, las mujeres de la asociaci\u00f3n trabajan con la arcilla y la artesan\u00eda, manteniendo vivos los saberes ancestrales, la memoria de sus abuelas y el v\u00ednculo con el territorio.<\/p>\n<p>A trav\u00e9s de iniciativas como la cer\u00e1mica tradicional, la asociaci\u00f3n impulsa alternativas de bioeconom\u00eda local que fortalecen a las familias y contribuyen a la protecci\u00f3n del bosque amaz\u00f3nico. Por eso, Kwakiyo simboliza la vida en comunidad, el cuidado de la familia y la armon\u00eda con la selva.<\/p>\n"},"nacionalidad":7326,"nacionalidad_source":{"label":"Nacionalidad","type":"post_object","formatted_value":{"ID":7326,"post_author":"1","post_date":"2026-06-24 15:19:03","post_date_gmt":"2026-06-24 13:19:03","post_content":"<a role=\"button\">\n\t\t\t\t\t\t\t\t\tLa selva tiene rostro de mujer\n\t\t\t\t\t<\/a>\n\t\t\t\t\t\t\t\t\t<h2>Relatos desde la selva<\/h2>","post_title":"Mujeres Siekopaai","post_excerpt":"","post_status":"publish","comment_status":"closed","ping_status":"closed","post_password":"","post_name":"mujeres-siekopaai","to_ping":"","pinged":"","post_modified":"2026-08-12 02:35:21","post_modified_gmt":"2026-08-12 00:35:21","post_content_filtered":"","post_parent":0,"guid":"https:\/\/cefoindigena.org\/?post_type=nacionalidad&#038;p=7326","menu_order":0,"post_type":"nacionalidad","post_mime_type":"","comment_count":"0","filter":"raw"}},"logo_asociacion":{"ID":7699,"id":7699,"title":"logo-Kwakwiyo-transparente","filename":"logo-Kwakwiyo-transparente.png","filesize":72463,"url":"https:\/\/cefoindigena.org\/wp-content\/uploads\/2026\/06\/logo-Kwakwiyo-transparente.png","link":"https:\/\/cefoindigena.org\/en\/asociacion\/mujeres-de-la-asociacion-kwakiyo\/logo-kwakwiyo-transparente\/","alt":"","author":"2","description":"","caption":"","name":"logo-kwakwiyo-transparente","status":"inherit","uploaded_to":7429,"date":"2026-07-09 07:19:41","modified":"2026-07-09 07:19:41","menu_order":0,"mime_type":"image\/png","type":"image","subtype":"png","icon":"https:\/\/cefoindigena.org\/wp-includes\/images\/media\/default.png","width":430,"height":470,"sizes":{"thumbnail":"https:\/\/cefoindigena.org\/wp-content\/uploads\/2026\/06\/logo-Kwakwiyo-transparente-150x150.png","thumbnail-width":150,"thumbnail-height":150,"medium":"https:\/\/cefoindigena.org\/wp-content\/uploads\/2026\/06\/logo-Kwakwiyo-transparente-274x300.png","medium-width":274,"medium-height":300,"medium_large":"https:\/\/cefoindigena.org\/wp-content\/uploads\/2026\/06\/logo-Kwakwiyo-transparente.png","medium_large-width":430,"medium_large-height":470,"large":"https:\/\/cefoindigena.org\/wp-content\/uploads\/2026\/06\/logo-Kwakwiyo-transparente.png","large-width":430,"large-height":470,"1536x1536":"https:\/\/cefoindigena.org\/wp-content\/uploads\/2026\/06\/logo-Kwakwiyo-transparente.png","1536x1536-width":430,"1536x1536-height":470,"2048x2048":"https:\/\/cefoindigena.org\/wp-content\/uploads\/2026\/06\/logo-Kwakwiyo-transparente.png","2048x2048-width":430,"2048x2048-height":470,"trp-custom-language-flag":"https:\/\/cefoindigena.org\/wp-content\/uploads\/2026\/06\/logo-Kwakwiyo-transparente-11x12.png","trp-custom-language-flag-width":11,"trp-custom-language-flag-height":12}},"logo_asociacion_source":{"label":"Logo asociaci\u00f3n","type":"image","formatted_value":{"ID":7699,"id":7699,"title":"logo-Kwakwiyo-transparente","filename":"logo-Kwakwiyo-transparente.png","filesize":72463,"url":"https:\/\/cefoindigena.org\/wp-content\/uploads\/2026\/06\/logo-Kwakwiyo-transparente.png","link":"https:\/\/cefoindigena.org\/en\/asociacion\/mujeres-de-la-asociacion-kwakiyo\/logo-kwakwiyo-transparente\/","alt":"","author":"2","description":"","caption":"","name":"logo-kwakwiyo-transparente","status":"inherit","uploaded_to":7429,"date":"2026-07-09 07:19:41","modified":"2026-07-09 07:19:41","menu_order":0,"mime_type":"image\/png","type":"image","subtype":"png","icon":"https:\/\/cefoindigena.org\/wp-includes\/images\/media\/default.png","width":430,"height":470,"sizes":{"thumbnail":"https:\/\/cefoindigena.org\/wp-content\/uploads\/2026\/06\/logo-Kwakwiyo-transparente-150x150.png","thumbnail-width":150,"thumbnail-height":150,"medium":"https:\/\/cefoindigena.org\/wp-content\/uploads\/2026\/06\/logo-Kwakwiyo-transparente-274x300.png","medium-width":274,"medium-height":300,"medium_large":"https:\/\/cefoindigena.org\/wp-content\/uploads\/2026\/06\/logo-Kwakwiyo-transparente.png","medium_large-width":430,"medium_large-height":470,"large":"https:\/\/cefoindigena.org\/wp-content\/uploads\/2026\/06\/logo-Kwakwiyo-transparente.png","large-width":430,"large-height":470,"1536x1536":"https:\/\/cefoindigena.org\/wp-content\/uploads\/2026\/06\/logo-Kwakwiyo-transparente.png","1536x1536-width":430,"1536x1536-height":470,"2048x2048":"https:\/\/cefoindigena.org\/wp-content\/uploads\/2026\/06\/logo-Kwakwiyo-transparente.png","2048x2048-width":430,"2048x2048-height":470,"trp-custom-language-flag":"https:\/\/cefoindigena.org\/wp-content\/uploads\/2026\/06\/logo-Kwakwiyo-transparente-11x12.png","trp-custom-language-flag-width":11,"trp-custom-language-flag-height":12}}},"imagenes_asociacion":[7696,7697,7698],"imagenes_asociacion_source":{"label":"Im\u00e1genes Asociaci\u00f3n","type":"gallery","formatted_value":[{"ID":7696,"id":7696,"title":"DSC00654-Mejorado-NR 1","filename":"DSC00654-Mejorado-NR-1.webp","filesize":107756,"url":"https:\/\/cefoindigena.org\/wp-content\/uploads\/2026\/06\/DSC00654-Mejorado-NR-1.webp","link":"https:\/\/cefoindigena.org\/en\/asociacion\/mujeres-de-la-asociacion-kwakiyo\/dsc00654-mejorado-nr-1\/","alt":"","author":"2","description":"","caption":"","name":"dsc00654-mejorado-nr-1","status":"inherit","uploaded_to":7429,"date":"2026-07-09 07:15:21","modified":"2026-07-09 07:15:21","menu_order":0,"mime_type":"image\/webp","type":"image","subtype":"webp","icon":"https:\/\/cefoindigena.org\/wp-includes\/images\/media\/default.png","width":1024,"height":683,"sizes":{"thumbnail":"https:\/\/cefoindigena.org\/wp-content\/uploads\/2026\/06\/DSC00654-Mejorado-NR-1-150x150.webp","thumbnail-width":150,"thumbnail-height":150,"medium":"https:\/\/cefoindigena.org\/wp-content\/uploads\/2026\/06\/DSC00654-Mejorado-NR-1-300x200.webp","medium-width":300,"medium-height":200,"medium_large":"https:\/\/cefoindigena.org\/wp-content\/uploads\/2026\/06\/DSC00654-Mejorado-NR-1-768x512.webp","medium_large-width":768,"medium_large-height":512,"large":"https:\/\/cefoindigena.org\/wp-content\/uploads\/2026\/06\/DSC00654-Mejorado-NR-1.webp","large-width":800,"large-height":534,"1536x1536":"https:\/\/cefoindigena.org\/wp-content\/uploads\/2026\/06\/DSC00654-Mejorado-NR-1.webp","1536x1536-width":1024,"1536x1536-height":683,"2048x2048":"https:\/\/cefoindigena.org\/wp-content\/uploads\/2026\/06\/DSC00654-Mejorado-NR-1.webp","2048x2048-width":1024,"2048x2048-height":683,"trp-custom-language-flag":"https:\/\/cefoindigena.org\/wp-content\/uploads\/2026\/06\/DSC00654-Mejorado-NR-1-18x12.webp","trp-custom-language-flag-width":18,"trp-custom-language-flag-height":12}},{"ID":7697,"id":7697,"title":"DSC00722-Mejorado-NR 1","filename":"DSC00722-Mejorado-NR-1.webp","filesize":143956,"url":"https:\/\/cefoindigena.org\/wp-content\/uploads\/2026\/06\/DSC00722-Mejorado-NR-1.webp","link":"https:\/\/cefoindigena.org\/en\/asociacion\/mujeres-de-la-asociacion-kwakiyo\/dsc00722-mejorado-nr-1\/","alt":"","author":"2","description":"","caption":"","name":"dsc00722-mejorado-nr-1","status":"inherit","uploaded_to":7429,"date":"2026-07-09 07:15:24","modified":"2026-07-09 07:15:24","menu_order":0,"mime_type":"image\/webp","type":"image","subtype":"webp","icon":"https:\/\/cefoindigena.org\/wp-includes\/images\/media\/default.png","width":1024,"height":683,"sizes":{"thumbnail":"https:\/\/cefoindigena.org\/wp-content\/uploads\/2026\/06\/DSC00722-Mejorado-NR-1-150x150.webp","thumbnail-width":150,"thumbnail-height":150,"medium":"https:\/\/cefoindigena.org\/wp-content\/uploads\/2026\/06\/DSC00722-Mejorado-NR-1-300x200.webp","medium-width":300,"medium-height":200,"medium_large":"https:\/\/cefoindigena.org\/wp-content\/uploads\/2026\/06\/DSC00722-Mejorado-NR-1-768x512.webp","medium_large-width":768,"medium_large-height":512,"large":"https:\/\/cefoindigena.org\/wp-content\/uploads\/2026\/06\/DSC00722-Mejorado-NR-1.webp","large-width":800,"large-height":534,"1536x1536":"https:\/\/cefoindigena.org\/wp-content\/uploads\/2026\/06\/DSC00722-Mejorado-NR-1.webp","1536x1536-width":1024,"1536x1536-height":683,"2048x2048":"https:\/\/cefoindigena.org\/wp-content\/uploads\/2026\/06\/DSC00722-Mejorado-NR-1.webp","2048x2048-width":1024,"2048x2048-height":683,"trp-custom-language-flag":"https:\/\/cefoindigena.org\/wp-content\/uploads\/2026\/06\/DSC00722-Mejorado-NR-1-18x12.webp","trp-custom-language-flag-width":18,"trp-custom-language-flag-height":12}},{"ID":7698,"id":7698,"title":"IMG_1997 1","filename":"IMG_1997-1.webp","filesize":141698,"url":"https:\/\/cefoindigena.org\/wp-content\/uploads\/2026\/06\/IMG_1997-1.webp","link":"https:\/\/cefoindigena.org\/en\/asociacion\/mujeres-de-la-asociacion-kwakiyo\/img_1997-1\/","alt":"","author":"2","description":"","caption":"","name":"img_1997-1","status":"inherit","uploaded_to":7429,"date":"2026-07-09 07:15:27","modified":"2026-07-09 07:15:56","menu_order":0,"mime_type":"image\/webp","type":"image","subtype":"webp","icon":"https:\/\/cefoindigena.org\/wp-includes\/images\/media\/default.png","width":1024,"height":683,"sizes":{"thumbnail":"https:\/\/cefoindigena.org\/wp-content\/uploads\/2026\/06\/IMG_1997-1-150x150.webp","thumbnail-width":150,"thumbnail-height":150,"medium":"https:\/\/cefoindigena.org\/wp-content\/uploads\/2026\/06\/IMG_1997-1-300x200.webp","medium-width":300,"medium-height":200,"medium_large":"https:\/\/cefoindigena.org\/wp-content\/uploads\/2026\/06\/IMG_1997-1-768x512.webp","medium_large-width":768,"medium_large-height":512,"large":"https:\/\/cefoindigena.org\/wp-content\/uploads\/2026\/06\/IMG_1997-1.webp","large-width":800,"large-height":534,"1536x1536":"https:\/\/cefoindigena.org\/wp-content\/uploads\/2026\/06\/IMG_1997-1.webp","1536x1536-width":1024,"1536x1536-height":683,"2048x2048":"https:\/\/cefoindigena.org\/wp-content\/uploads\/2026\/06\/IMG_1997-1.webp","2048x2048-width":1024,"2048x2048-height":683,"trp-custom-language-flag":"https:\/\/cefoindigena.org\/wp-content\/uploads\/2026\/06\/IMG_1997-1-18x12.webp","trp-custom-language-flag-width":18,"trp-custom-language-flag-height":12}}]}},"yoast_head":"<!-- This site is optimized with the Yoast SEO plugin v28.3 - https:\/\/yoast.com\/product\/yoast-seo-wordpress\/ -->\n<title>Mujeres de la Asociaci\u00f3n Kwakiyo - CEFO Ind\u00edgena<\/title>\n<meta name=\"robots\" content=\"index, follow, max-snippet:-1, max-image-preview:large, max-video-preview:-1\" \/>\n<link rel=\"canonical\" href=\"https:\/\/cefoindigena.org\/en\/asociacion\/mujeres-de-la-asociacion-kwakiyo\/\" \/>\n<meta property=\"og:locale\" content=\"en_US\" \/>\n<meta property=\"og:type\" content=\"article\" \/>\n<meta property=\"og:title\" content=\"Mujeres de la Asociaci\u00f3n Kwakiyo - CEFO Ind\u00edgena\" \/>\n<meta property=\"og:url\" content=\"https:\/\/cefoindigena.org\/en\/asociacion\/mujeres-de-la-asociacion-kwakiyo\/\" \/>\n<meta property=\"og:site_name\" content=\"CEFO Ind\u00edgena\" \/>\n<meta property=\"article:publisher\" content=\"https:\/\/www.facebook.com\/CEFOIndigena\/\" \/>\n<meta property=\"article:modified_time\" content=\"2026-07-22T14:40:44+00:00\" \/>\n<meta property=\"og:image\" content=\"http:\/\/cefoindigena.org\/wp-content\/uploads\/2026\/06\/EO-CEFO-Siekopaai53-1.webp\" \/>\n\t<meta property=\"og:image:width\" content=\"1842\" \/>\n\t<meta property=\"og:image:height\" content=\"1228\" \/>\n\t<meta property=\"og:image:type\" content=\"image\/webp\" \/>\n<meta name=\"twitter:card\" content=\"summary_large_image\" \/>\n<meta name=\"twitter:site\" content=\"@cefoindigena\" \/>\n<script type=\"application\/ld+json\" class=\"yoast-schema-graph\">{\"@context\":\"https:\\\/\\\/schema.org\",\"@graph\":[{\"@type\":\"WebPage\",\"@id\":\"https:\\\/\\\/cefoindigena.org\\\/asociacion\\\/mujeres-de-la-asociacion-kwakiyo\\\/\",\"url\":\"https:\\\/\\\/cefoindigena.org\\\/asociacion\\\/mujeres-de-la-asociacion-kwakiyo\\\/\",\"name\":\"Mujeres de la Asociaci\u00f3n Kwakiyo - CEFO Ind\u00edgena\",\"isPartOf\":{\"@id\":\"https:\\\/\\\/cefoindigena.org\\\/#website\"},\"primaryImageOfPage\":{\"@id\":\"https:\\\/\\\/cefoindigena.org\\\/asociacion\\\/mujeres-de-la-asociacion-kwakiyo\\\/#primaryimage\"},\"image\":{\"@id\":\"https:\\\/\\\/cefoindigena.org\\\/asociacion\\\/mujeres-de-la-asociacion-kwakiyo\\\/#primaryimage\"},\"thumbnailUrl\":\"https:\\\/\\\/cefoindigena.org\\\/wp-content\\\/uploads\\\/2026\\\/06\\\/EO-CEFO-Siekopaai53-1.webp\",\"datePublished\":\"2026-06-24T16:24:06+00:00\",\"dateModified\":\"2026-07-22T14:40:44+00:00\",\"breadcrumb\":{\"@id\":\"https:\\\/\\\/cefoindigena.org\\\/asociacion\\\/mujeres-de-la-asociacion-kwakiyo\\\/#breadcrumb\"},\"inLanguage\":\"en-US\",\"potentialAction\":[{\"@type\":\"ReadAction\",\"target\":[\"https:\\\/\\\/cefoindigena.org\\\/asociacion\\\/mujeres-de-la-asociacion-kwakiyo\\\/\"]}]},{\"@type\":\"ImageObject\",\"inLanguage\":\"en-US\",\"@id\":\"https:\\\/\\\/cefoindigena.org\\\/asociacion\\\/mujeres-de-la-asociacion-kwakiyo\\\/#primaryimage\",\"url\":\"https:\\\/\\\/cefoindigena.org\\\/wp-content\\\/uploads\\\/2026\\\/06\\\/EO-CEFO-Siekopaai53-1.webp\",\"contentUrl\":\"https:\\\/\\\/cefoindigena.org\\\/wp-content\\\/uploads\\\/2026\\\/06\\\/EO-CEFO-Siekopaai53-1.webp\",\"width\":1842,\"height\":1228},{\"@type\":\"BreadcrumbList\",\"@id\":\"https:\\\/\\\/cefoindigena.org\\\/asociacion\\\/mujeres-de-la-asociacion-kwakiyo\\\/#breadcrumb\",\"itemListElement\":[{\"@type\":\"ListItem\",\"position\":1,\"name\":\"Portada\",\"item\":\"https:\\\/\\\/cefoindigena.org\\\/\"},{\"@type\":\"ListItem\",\"position\":2,\"name\":\"Mujeres de la Asociaci\u00f3n Kwakiyo\"}]},{\"@type\":\"WebSite\",\"@id\":\"https:\\\/\\\/cefoindigena.org\\\/#website\",\"url\":\"https:\\\/\\\/cefoindigena.org\\\/\",\"name\":\"CEFO Ind\u00edgena\",\"description\":\"Centro de Fortalecimiento de los Derechos de los Pueblos Ind\u00edgenas\",\"publisher\":{\"@id\":\"https:\\\/\\\/cefoindigena.org\\\/#organization\"},\"potentialAction\":[{\"@type\":\"SearchAction\",\"target\":{\"@type\":\"EntryPoint\",\"urlTemplate\":\"https:\\\/\\\/cefoindigena.org\\\/?s={search_term_string}\"},\"query-input\":{\"@type\":\"PropertyValueSpecification\",\"valueRequired\":true,\"valueName\":\"search_term_string\"}}],\"inLanguage\":\"en-US\"},{\"@type\":\"Organization\",\"@id\":\"https:\\\/\\\/cefoindigena.org\\\/#organization\",\"name\":\"CEFO Ind\u00edgena - Centro de Fortalecimiento de los Derechos de los Pueblos Ind\u00edgenas\",\"url\":\"https:\\\/\\\/cefoindigena.org\\\/\",\"logo\":{\"@type\":\"ImageObject\",\"inLanguage\":\"en-US\",\"@id\":\"https:\\\/\\\/cefoindigena.org\\\/#\\\/schema\\\/logo\\\/image\\\/\",\"url\":\"https:\\\/\\\/cefoindigena.org\\\/wp-content\\\/uploads\\\/2025\\\/11\\\/logo-scaled.webp\",\"contentUrl\":\"https:\\\/\\\/cefoindigena.org\\\/wp-content\\\/uploads\\\/2025\\\/11\\\/logo-scaled.webp\",\"width\":2560,\"height\":1010,\"caption\":\"CEFO Ind\u00edgena - Centro de Fortalecimiento de los Derechos de los Pueblos Ind\u00edgenas\"},\"image\":{\"@id\":\"https:\\\/\\\/cefoindigena.org\\\/#\\\/schema\\\/logo\\\/image\\\/\"},\"sameAs\":[\"https:\\\/\\\/www.facebook.com\\\/CEFOIndigena\\\/\",\"https:\\\/\\\/x.com\\\/cefoindigena\",\"https:\\\/\\\/www.instagram.com\\\/cefoindigena\\\/\",\"https:\\\/\\\/www.youtube.com\\\/@cefoindigena9261\"]}]}<\/script>\n<!-- \/ Yoast SEO plugin. -->","yoast_head_json":{"title":"Mujeres de la Asociaci\u00f3n Kwakiyo - CEFO Ind\u00edgena","robots":{"index":"index","follow":"follow","max-snippet":"max-snippet:-1","max-image-preview":"max-image-preview:large","max-video-preview":"max-video-preview:-1"},"canonical":"https:\/\/cefoindigena.org\/en\/asociacion\/mujeres-de-la-asociacion-kwakiyo\/","og_locale":"en_US","og_type":"article","og_title":"Mujeres de la Asociaci\u00f3n Kwakiyo - CEFO Ind\u00edgena","og_url":"https:\/\/cefoindigena.org\/en\/asociacion\/mujeres-de-la-asociacion-kwakiyo\/","og_site_name":"CEFO Ind\u00edgena","article_publisher":"https:\/\/www.facebook.com\/CEFOIndigena\/","article_modified_time":"2026-07-22T14:40:44+00:00","og_image":[{"width":1842,"height":1228,"url":"http:\/\/cefoindigena.org\/wp-content\/uploads\/2026\/06\/EO-CEFO-Siekopaai53-1.webp","type":"image\/webp"}],"twitter_card":"summary_large_image","twitter_site":"@cefoindigena","schema":{"@context":"https:\/\/schema.org","@graph":[{"@type":"WebPage","@id":"https:\/\/cefoindigena.org\/asociacion\/mujeres-de-la-asociacion-kwakiyo\/","url":"https:\/\/cefoindigena.org\/asociacion\/mujeres-de-la-asociacion-kwakiyo\/","name":"Mujeres de la Asociaci\u00f3n Kwakiyo - CEFO Ind\u00edgena","isPartOf":{"@id":"https:\/\/cefoindigena.org\/#website"},"primaryImageOfPage":{"@id":"https:\/\/cefoindigena.org\/asociacion\/mujeres-de-la-asociacion-kwakiyo\/#primaryimage"},"image":{"@id":"https:\/\/cefoindigena.org\/asociacion\/mujeres-de-la-asociacion-kwakiyo\/#primaryimage"},"thumbnailUrl":"https:\/\/cefoindigena.org\/wp-content\/uploads\/2026\/06\/EO-CEFO-Siekopaai53-1.webp","datePublished":"2026-06-24T16:24:06+00:00","dateModified":"2026-07-22T14:40:44+00:00","breadcrumb":{"@id":"https:\/\/cefoindigena.org\/asociacion\/mujeres-de-la-asociacion-kwakiyo\/#breadcrumb"},"inLanguage":"en-US","potentialAction":[{"@type":"ReadAction","target":["https:\/\/cefoindigena.org\/asociacion\/mujeres-de-la-asociacion-kwakiyo\/"]}]},{"@type":"ImageObject","inLanguage":"en-US","@id":"https:\/\/cefoindigena.org\/asociacion\/mujeres-de-la-asociacion-kwakiyo\/#primaryimage","url":"https:\/\/cefoindigena.org\/wp-content\/uploads\/2026\/06\/EO-CEFO-Siekopaai53-1.webp","contentUrl":"https:\/\/cefoindigena.org\/wp-content\/uploads\/2026\/06\/EO-CEFO-Siekopaai53-1.webp","width":1842,"height":1228},{"@type":"BreadcrumbList","@id":"https:\/\/cefoindigena.org\/asociacion\/mujeres-de-la-asociacion-kwakiyo\/#breadcrumb","itemListElement":[{"@type":"ListItem","position":1,"name":"Portada","item":"https:\/\/cefoindigena.org\/"},{"@type":"ListItem","position":2,"name":"Mujeres de la Asociaci\u00f3n Kwakiyo"}]},{"@type":"WebSite","@id":"https:\/\/cefoindigena.org\/#website","url":"https:\/\/cefoindigena.org\/","name":"CEFO Ind\u00edgena","description":"Centro de Fortalecimiento de los Derechos de los Pueblos Ind\u00edgenas","publisher":{"@id":"https:\/\/cefoindigena.org\/#organization"},"potentialAction":[{"@type":"SearchAction","target":{"@type":"EntryPoint","urlTemplate":"https:\/\/cefoindigena.org\/?s={search_term_string}"},"query-input":{"@type":"PropertyValueSpecification","valueRequired":true,"valueName":"search_term_string"}}],"inLanguage":"en-US"},{"@type":"Organization","@id":"https:\/\/cefoindigena.org\/#organization","name":"CEFO Ind\u00edgena - Centro de Fortalecimiento de los Derechos de los Pueblos Ind\u00edgenas","url":"https:\/\/cefoindigena.org\/","logo":{"@type":"ImageObject","inLanguage":"en-US","@id":"https:\/\/cefoindigena.org\/#\/schema\/logo\/image\/","url":"https:\/\/cefoindigena.org\/wp-content\/uploads\/2025\/11\/logo-scaled.webp","contentUrl":"https:\/\/cefoindigena.org\/wp-content\/uploads\/2025\/11\/logo-scaled.webp","width":2560,"height":1010,"caption":"CEFO Ind\u00edgena - Centro de Fortalecimiento de los Derechos de los Pueblos Ind\u00edgenas"},"image":{"@id":"https:\/\/cefoindigena.org\/#\/schema\/logo\/image\/"},"sameAs":["https:\/\/www.facebook.com\/CEFOIndigena\/","https:\/\/x.com\/cefoindigena","https:\/\/www.instagram.com\/cefoindigena\/","https:\/\/www.youtube.com\/@cefoindigena9261"]}]}},"_links":{"self":[{"href":"https:\/\/cefoindigena.org\/en\/wp-json\/wp\/v2\/asociacion\/7429","targetHints":{"allow":["GET"]}}],"collection":[{"href":"https:\/\/cefoindigena.org\/en\/wp-json\/wp\/v2\/asociacion"}],"about":[{"href":"https:\/\/cefoindigena.org\/en\/wp-json\/wp\/v2\/types\/asociacion"}],"acf:attachment":[{"embeddable":true,"href":"https:\/\/cefoindigena.org\/en\/wp-json\/wp\/v2\/media\/7698"},{"embeddable":true,"href":"https:\/\/cefoindigena.org\/en\/wp-json\/wp\/v2\/media\/7697"},{"embeddable":true,"href":"https:\/\/cefoindigena.org\/en\/wp-json\/wp\/v2\/media\/7696"}],"acf:post":[{"embeddable":true,"href":"https:\/\/cefoindigena.org\/en\/wp-json\/wp\/v2\/nacionalidad\/7326"}],"wp:featuredmedia":[{"embeddable":true,"href":"https:\/\/cefoindigena.org\/en\/wp-json\/wp\/v2\/media\/7633"}],"wp:attachment":[{"href":"https:\/\/cefoindigena.org\/en\/wp-json\/wp\/v2\/media?parent=7429"}],"curies":[{"name":"wp","href":"https:\/\/api.w.org\/{rel}","templated":true}]}}