{"id":3873,"date":"2025-11-19T20:00:07","date_gmt":"2025-11-19T19:00:07","guid":{"rendered":"https:\/\/cefoindigena.org\/herramienta\/etnia-en-el-ecuador-situaciones-y-analisis\/"},"modified":"2025-11-19T20:00:07","modified_gmt":"2025-11-19T19:00:07","slug":"etnia-en-el-ecuador-situaciones-y-analisis","status":"publish","type":"herramienta","link":"https:\/\/cefoindigena.org\/en\/herramienta\/etnia-en-el-ecuador-situaciones-y-analisis\/","title":{"rendered":"Etnia en el Ecuador: situaciones y an\u00e1lisis"},"content":{"rendered":"<p>Variadas expresiones te\u00f3ricas y program\u00e1ticas se vienen gestando Con respecto al mundo ind\u00edgena. Estas expresiones o tendencias, que van desde el integracionismo al autonomismo, con diversos matices e intereses, cobra mayor actualidad frente a las expectativas de desarrollo que se generan tanto desde el Estado como desde el propio pueblo ind\u00edgena involucrado en estas experiencias. De ah\u00ed que m\u00e1s all\u00e1 de intereses estrictamente acad\u00e9micos, el tratamiento del problema tiene y tendr\u00e1 motivaciones pol\u00edticas que deben ser develadas y expuestas para el debate. \u00c9ste debate requiere alimentarse de an\u00e1lisis y estudios de caso que permitan observar las particularidades de cada espacio social, visto en si mismo, como tambi\u00e9n en el contexto regional nacional.<\/p>","protected":false},"excerpt":{"rendered":"<p>Variadas expresiones te\u00f3ricas y program\u00e1ticas se vienen gestando Con respecto al mundo ind\u00edgena. Estas expresiones o tendencias, que van desde el integracionismo al autonomismo, con diversos matices e intereses, cobra mayor actualidad frente a las expectativas de desarrollo que se generan tanto desde el Estado como desde el propio pueblo ind\u00edgena involucrado en estas experiencias. [&hellip;]<\/p>\n","protected":false},"featured_media":0,"template":"","meta":{"_acf_changed":false},"categoria":[],"pais":[13],"tipo-de-documento":[],"class_list":["post-3873","herramienta","type-herramienta","status-publish","hentry","pais-ecuador"],"acf":[],"_links":{"self":[{"href":"https:\/\/cefoindigena.org\/en\/wp-json\/wp\/v2\/herramienta\/3873","targetHints":{"allow":["GET"]}}],"collection":[{"href":"https:\/\/cefoindigena.org\/en\/wp-json\/wp\/v2\/herramienta"}],"about":[{"href":"https:\/\/cefoindigena.org\/en\/wp-json\/wp\/v2\/types\/herramienta"}],"wp:attachment":[{"href":"https:\/\/cefoindigena.org\/en\/wp-json\/wp\/v2\/media?parent=3873"}],"wp:term":[{"taxonomy":"categoria","embeddable":true,"href":"https:\/\/cefoindigena.org\/en\/wp-json\/wp\/v2\/categoria?post=3873"},{"taxonomy":"pais","embeddable":true,"href":"https:\/\/cefoindigena.org\/en\/wp-json\/wp\/v2\/pais?post=3873"},{"taxonomy":"tipo-de-documento","embeddable":true,"href":"https:\/\/cefoindigena.org\/en\/wp-json\/wp\/v2\/tipo-de-documento?post=3873"}],"curies":[{"name":"wp","href":"https:\/\/api.w.org\/{rel}","templated":true}]}}