{"id":3892,"date":"2025-11-19T20:00:10","date_gmt":"2025-11-19T19:00:10","guid":{"rendered":"https:\/\/cefoindigena.org\/herramienta\/genero-e-industrias-extractivas-en-america-latina-medidas-estatales-frente-a-los-impactos-diferenciados-en-las-mujeres\/"},"modified":"2025-11-19T20:00:10","modified_gmt":"2025-11-19T19:00:10","slug":"genero-e-industrias-extractivas-en-america-latina-medidas-estatales-frente-a-los-impactos-diferenciados-en-las-mujeres","status":"publish","type":"herramienta","link":"https:\/\/cefoindigena.org\/en\/herramienta\/genero-e-industrias-extractivas-en-america-latina-medidas-estatales-frente-a-los-impactos-diferenciados-en-las-mujeres\/","title":{"rendered":"G\u00e9nero e industrias extractivas en Am\u00e9rica Latina: medidas estatales frente a los impactos diferenciados en las mujeres"},"content":{"rendered":"<p>El presente informe, G\u00e9nero e industrias extractivas en Am\u00e9rica Latina y el Caribe, tiene como objetivo  tener una informaci\u00f3n sistematizada sobre la problem\u00e1tica de la perspectiva de g\u00e9nero en el marco de las extractivas con el fin de enriquecer el debate de las principales tendencias en materia de impactos en las mujeres.<br \/>\n En esa l\u00ednea, se analiza el marco legal, pol\u00edticas, planes y programas de los pa\u00edses de Guatemala, Honduras, Colombia y Per\u00fa que brindan luces sobre los retos que se tienen para mejorar la integraci\u00f3n de la perspectiva de g\u00e9nero en ellos y superar el car\u00e1cter neutro en materia de g\u00e9nero de la legislaci\u00f3n y normativa ambiental en los pa\u00edses de la regi\u00f3n, as\u00ed como para su implementaci\u00f3n efectiva.<\/p>","protected":false},"excerpt":{"rendered":"<p>El presente informe, G\u00e9nero e industrias extractivas en Am\u00e9rica Latina y el Caribe, tiene como objetivo tener una informaci\u00f3n sistematizada sobre la problem\u00e1tica de la perspectiva de g\u00e9nero en el marco de las extractivas con el fin de enriquecer el debate de las principales tendencias en materia de impactos en las mujeres. En esa l\u00ednea, [&hellip;]<\/p>\n","protected":false},"featured_media":0,"template":"","meta":{"_acf_changed":false},"categoria":[],"pais":[14],"tipo-de-documento":[],"class_list":["post-3892","herramienta","type-herramienta","status-publish","hentry","pais-colombia"],"acf":[],"_links":{"self":[{"href":"https:\/\/cefoindigena.org\/en\/wp-json\/wp\/v2\/herramienta\/3892","targetHints":{"allow":["GET"]}}],"collection":[{"href":"https:\/\/cefoindigena.org\/en\/wp-json\/wp\/v2\/herramienta"}],"about":[{"href":"https:\/\/cefoindigena.org\/en\/wp-json\/wp\/v2\/types\/herramienta"}],"wp:attachment":[{"href":"https:\/\/cefoindigena.org\/en\/wp-json\/wp\/v2\/media?parent=3892"}],"wp:term":[{"taxonomy":"categoria","embeddable":true,"href":"https:\/\/cefoindigena.org\/en\/wp-json\/wp\/v2\/categoria?post=3892"},{"taxonomy":"pais","embeddable":true,"href":"https:\/\/cefoindigena.org\/en\/wp-json\/wp\/v2\/pais?post=3892"},{"taxonomy":"tipo-de-documento","embeddable":true,"href":"https:\/\/cefoindigena.org\/en\/wp-json\/wp\/v2\/tipo-de-documento?post=3892"}],"curies":[{"name":"wp","href":"https:\/\/api.w.org\/{rel}","templated":true}]}}