{"id":4077,"date":"2025-11-19T20:00:43","date_gmt":"2025-11-19T19:00:43","guid":{"rendered":"https:\/\/cefoindigena.org\/herramienta\/la-nueva-reforma-energetica-de-mexico\/"},"modified":"2025-11-19T20:00:43","modified_gmt":"2025-11-19T19:00:43","slug":"la-nueva-reforma-energetica-de-mexico","status":"publish","type":"herramienta","link":"https:\/\/cefoindigena.org\/en\/herramienta\/la-nueva-reforma-energetica-de-mexico\/","title":{"rendered":"La Nueva Reforma Energetica de Mexico"},"content":{"rendered":"<p>El trabajo que se presenta en este documento es un intento por parte de analistas extranjeros, expertos en sus respectivos campos, de proporcionar una evaluaci\u00f3n imparcial de la reforma. Despu\u00e9s de esta introducci\u00f3n y una historia del proceso de reforma, en cada uno de los cap\u00edtulos se plantean las siguientes preguntas:<\/p>\n<p>\u00bfQu\u00e9 se ha realizado con \u00e9xito en el proceso de reforma?<br \/>\n\u00bfQu\u00e9 queda a\u00fan sin completarse en la implementaci\u00f3n de la reforma?<br \/>\n\u00bfQu\u00e9 se necesita cambiar o modificar para aprovechar al m\u00e1ximo la reforma?<br \/>\n\u00bfEn qu\u00e9 se requerir\u00e1 m\u00e1s tiempo para lograr el \u00e9xito?<\/p>","protected":false},"excerpt":{"rendered":"<p>El trabajo que se presenta en este documento es un intento por parte de analistas extranjeros, expertos en sus respectivos campos, de proporcionar una evaluaci\u00f3n imparcial de la reforma. Despu\u00e9s de esta introducci\u00f3n y una historia del proceso de reforma, en cada uno de los cap\u00edtulos se plantean las siguientes preguntas: \u00bfQu\u00e9 se ha realizado [&hellip;]<\/p>\n","protected":false},"featured_media":0,"template":"","meta":{"_acf_changed":false},"categoria":[],"pais":[19],"tipo-de-documento":[],"class_list":["post-4077","herramienta","type-herramienta","status-publish","hentry","pais-mexico"],"acf":[],"_links":{"self":[{"href":"https:\/\/cefoindigena.org\/en\/wp-json\/wp\/v2\/herramienta\/4077","targetHints":{"allow":["GET"]}}],"collection":[{"href":"https:\/\/cefoindigena.org\/en\/wp-json\/wp\/v2\/herramienta"}],"about":[{"href":"https:\/\/cefoindigena.org\/en\/wp-json\/wp\/v2\/types\/herramienta"}],"wp:attachment":[{"href":"https:\/\/cefoindigena.org\/en\/wp-json\/wp\/v2\/media?parent=4077"}],"wp:term":[{"taxonomy":"categoria","embeddable":true,"href":"https:\/\/cefoindigena.org\/en\/wp-json\/wp\/v2\/categoria?post=4077"},{"taxonomy":"pais","embeddable":true,"href":"https:\/\/cefoindigena.org\/en\/wp-json\/wp\/v2\/pais?post=4077"},{"taxonomy":"tipo-de-documento","embeddable":true,"href":"https:\/\/cefoindigena.org\/en\/wp-json\/wp\/v2\/tipo-de-documento?post=4077"}],"curies":[{"name":"wp","href":"https:\/\/api.w.org\/{rel}","templated":true}]}}