{"id":4336,"date":"2025-11-19T20:01:38","date_gmt":"2025-11-19T19:01:38","guid":{"rendered":"https:\/\/cefoindigena.org\/herramienta\/protocolo-para-la-implementacion-de-consultas-a-pueblos-y-comunidades-indigenas-de-conformidad-con-estandares-del-convenio-169-de-la-organizacion-internacional-del-trabajo-sobre-pueblos-indigenas-y-tr\/"},"modified":"2025-11-19T20:01:38","modified_gmt":"2025-11-19T19:01:38","slug":"protocolo-para-la-implementacion-de-consultas-a-pueblos-y-comunidades-indigenas-de-conformidad-con-estandares-del-convenio-169-de-la-organizacion-internacional-del-trabajo-sobre-pueblos-indigenas-y-tr","status":"publish","type":"herramienta","link":"https:\/\/cefoindigena.org\/en\/herramienta\/protocolo-para-la-implementacion-de-consultas-a-pueblos-y-comunidades-indigenas-de-conformidad-con-estandares-del-convenio-169-de-la-organizacion-internacional-del-trabajo-sobre-pueblos-indigenas-y-tr\/","title":{"rendered":"Protocolo para la implementaci\u00f3n de consultas a pueblos y comunidades ind\u00edgenas de conformidad con est\u00e1ndares del Convenio 169 de la Organizaci\u00f3n Internacional del Trabajo sobre Pueblos Ind\u00edgenas y Tribales en Pa\u00edses Independientes"},"content":{"rendered":"<p>En el marco del a\u00f1o 2011, declarado por la Organizaci\u00f3n de Naciones Unidas como el A\u00f1o Internacional de los Afrodescendientes, la Comisi\u00f3n Nacional para el Desarrollo de los Pueblos Ind\u00edgenas, inici\u00f3 la Consulta para la Identificaci\u00f3n de las<br \/>\nComunidades Afrodescendientes de M\u00e9xico en diferentes entidades de la Rep\u00fablica Mexicana.<\/p>","protected":false},"excerpt":{"rendered":"<p>En el marco del a\u00f1o 2011, declarado por la Organizaci\u00f3n de Naciones Unidas como el A\u00f1o Internacional de los Afrodescendientes, la Comisi\u00f3n Nacional para el Desarrollo de los Pueblos Ind\u00edgenas, inici\u00f3 la Consulta para la Identificaci\u00f3n de las Comunidades Afrodescendientes de M\u00e9xico en diferentes entidades de la Rep\u00fablica Mexicana.<\/p>","protected":false},"featured_media":0,"template":"","meta":{"_acf_changed":false},"categoria":[],"pais":[19],"tipo-de-documento":[],"class_list":["post-4336","herramienta","type-herramienta","status-publish","hentry","pais-mexico"],"acf":[],"_links":{"self":[{"href":"https:\/\/cefoindigena.org\/en\/wp-json\/wp\/v2\/herramienta\/4336","targetHints":{"allow":["GET"]}}],"collection":[{"href":"https:\/\/cefoindigena.org\/en\/wp-json\/wp\/v2\/herramienta"}],"about":[{"href":"https:\/\/cefoindigena.org\/en\/wp-json\/wp\/v2\/types\/herramienta"}],"wp:attachment":[{"href":"https:\/\/cefoindigena.org\/en\/wp-json\/wp\/v2\/media?parent=4336"}],"wp:term":[{"taxonomy":"categoria","embeddable":true,"href":"https:\/\/cefoindigena.org\/en\/wp-json\/wp\/v2\/categoria?post=4336"},{"taxonomy":"pais","embeddable":true,"href":"https:\/\/cefoindigena.org\/en\/wp-json\/wp\/v2\/pais?post=4336"},{"taxonomy":"tipo-de-documento","embeddable":true,"href":"https:\/\/cefoindigena.org\/en\/wp-json\/wp\/v2\/tipo-de-documento?post=4336"}],"curies":[{"name":"wp","href":"https:\/\/api.w.org\/{rel}","templated":true}]}}