{"id":4457,"date":"2025-11-19T20:02:07","date_gmt":"2025-11-19T19:02:07","guid":{"rendered":"https:\/\/cefoindigena.org\/herramienta\/violencia-contra-las-mujeres-indigenas-entre-las-justicias-y-la-desproteccion-posibilidades-de-interculturalidad-en-ecuador\/"},"modified":"2025-11-19T20:02:07","modified_gmt":"2025-11-19T19:02:07","slug":"violencia-contra-las-mujeres-indigenas-entre-las-justicias-y-la-desproteccion-posibilidades-de-interculturalidad-en-ecuador","status":"publish","type":"herramienta","link":"https:\/\/cefoindigena.org\/en\/herramienta\/violencia-contra-las-mujeres-indigenas-entre-las-justicias-y-la-desproteccion-posibilidades-de-interculturalidad-en-ecuador\/","title":{"rendered":"Violencia contra las mujeres ind\u00edgenas: entre las \u201cjusticias\u201d y la desprotecci\u00f3n. Posibilidades de interculturalidad en Ecuador"},"content":{"rendered":"<p>En el presente articulo, la autora Judith Salgado analiza la normativa constitucional sobre justicia ind\u00edgena  con los testimonios de l\u00edderes ind\u00edgenas que dan cuenta de sus luchas por exigir una real protecci\u00f3n de sus derechos en dicha jurisdicci\u00f3n. Propone ciertas condiciones b\u00e1sicas para alcanzar una relaci\u00f3n de interculturalidad entre ambos sistemas de justicia, sin perder de vista que la desprotecci\u00f3n a las mujeres ind\u00edgenas contra la violencia se expresa tanto en la justicia<br \/>\nestatal como en la justicia ind\u00edgena lo que implica un grave d\u00e9ficit para un Estado constitucional de derechos, plurinacional e intercultural.<\/p>","protected":false},"excerpt":{"rendered":"<p>En el presente articulo, la autora Judith Salgado analiza la normativa constitucional sobre justicia ind\u00edgena con los testimonios de l\u00edderes ind\u00edgenas que dan cuenta de sus luchas por exigir una real protecci\u00f3n de sus derechos en dicha jurisdicci\u00f3n. Propone ciertas condiciones b\u00e1sicas para alcanzar una relaci\u00f3n de interculturalidad entre ambos sistemas de justicia, sin perder [&hellip;]<\/p>\n","protected":false},"featured_media":0,"template":"","meta":{"_acf_changed":false},"categoria":[],"pais":[13],"tipo-de-documento":[],"class_list":["post-4457","herramienta","type-herramienta","status-publish","hentry","pais-ecuador"],"acf":[],"_links":{"self":[{"href":"https:\/\/cefoindigena.org\/en\/wp-json\/wp\/v2\/herramienta\/4457","targetHints":{"allow":["GET"]}}],"collection":[{"href":"https:\/\/cefoindigena.org\/en\/wp-json\/wp\/v2\/herramienta"}],"about":[{"href":"https:\/\/cefoindigena.org\/en\/wp-json\/wp\/v2\/types\/herramienta"}],"wp:attachment":[{"href":"https:\/\/cefoindigena.org\/en\/wp-json\/wp\/v2\/media?parent=4457"}],"wp:term":[{"taxonomy":"categoria","embeddable":true,"href":"https:\/\/cefoindigena.org\/en\/wp-json\/wp\/v2\/categoria?post=4457"},{"taxonomy":"pais","embeddable":true,"href":"https:\/\/cefoindigena.org\/en\/wp-json\/wp\/v2\/pais?post=4457"},{"taxonomy":"tipo-de-documento","embeddable":true,"href":"https:\/\/cefoindigena.org\/en\/wp-json\/wp\/v2\/tipo-de-documento?post=4457"}],"curies":[{"name":"wp","href":"https:\/\/api.w.org\/{rel}","templated":true}]}}